{"id":2118,"date":"2015-06-30T18:08:31","date_gmt":"2015-06-30T16:08:31","guid":{"rendered":"http:\/\/www.alberguecofradiadelsanto.com\/priores-y-cofradia\/"},"modified":"2025-05-14T23:20:43","modified_gmt":"2025-05-14T21:20:43","slug":"prieurs-et-confrerie","status":"publish","type":"page","link":"https:\/\/www.alberguecofradiadelsanto.com\/fr\/prieurs-et-confrerie\/","title":{"rendered":"PRIEURS ET CONFRERIE"},"content":{"rendered":"<h3>P\u00c9RIODE 2025-2026<\/h3>\n<h3>PRIEURS:<\/h3>\n<p>Francisco Jos\u00e9 Rodrigo Aranjuelo<br \/>\nMar\u00eda Teresa Bezares Manzanares<\/p>\n<h3>ANCIENS PRIEURS:<\/h3>\n<p>Domingo de Agust\u00edn V\u00e1zquez y Gloria Calpena Guti\u00e9rrez<\/p>\n<h3><\/h3>\n<h3><\/h3>\n<h3><\/h3>\n<h3><\/h3>\n<h3><\/h3>\n<h3>PROCURADORES:<\/h3>\n<p>Margarita Arenas Ollero y Pedro Mar\u00eda Olmos Lezaun<br \/>\nMar\u00eda Ar\u00e1nzazu Arenas Ollero y Jes\u00fas Ruiz de Arbulo Zabaleta<br \/>\nIldefonso Mart\u00ednez Mart\u00ednez y Alicia Alonso Fern\u00e1ndez<br \/>\nMarisol Dominguez Santacruz y Domingo Pe\u00f1a Santacruz<\/p>\n<h3>MAYORDOMOS:<\/h3>\n<p>Cristina Domingo Ollero e Iv\u00e1n Campos Montero<br \/>\nCarlos ca\u00f1as Alonso y Ana Mar\u00eda Bartolom\u00e9 Somovilla<br \/>\nElena Valer Rubio y Sergio D\u00edez Era\u00f1a<br \/>\nV\u00edctor Jim\u00e9nez Ca\u00f1as y Helena Milagros Gil Bravo<\/p>\n<h3>ABBE:<\/h3>\n<p><span style=\"color: #000000;\">Francisco Jos\u00e9 Su\u00e1rez Calvo<\/span><\/p>\n<h3>ANDADOR:<\/h3>\n<p>Francisco Javier Valer Rubio<\/p>\n<h3>SECR\u00c9TAIRE:<\/h3>\n<p><span style=\"color: #000000;\">Monserrat Mendi Urraca<\/span><\/p>\n<p>&nbsp;<\/p>\n<div><\/div>","protected":false},"excerpt":{"rendered":"<p>P\u00c9RIODE 2025-2026 PRIEURS: Francisco Jos\u00e9 Rodrigo Aranjuelo Mar\u00eda Teresa Bezares Manzanares ANCIENS PRIEURS: Domingo de Agust\u00edn V\u00e1zquez y Gloria Calpena Guti\u00e9rrez PROCURADORES: Margarita Arenas Ollero y Pedro Mar\u00eda Olmos Lezaun Mar\u00eda Ar\u00e1nzazu Arenas Ollero y Jes\u00fas Ruiz de Arbulo Zabaleta Ildefonso Mart\u00ednez Mart\u00ednez y Alicia Alonso Fern\u00e1ndez Marisol Dominguez Santacruz y Domingo Pe\u00f1a Santacruz MAYORDOMOS: [&hellip;]<\/p>\n","protected":false},"author":101012,"featured_media":3465,"parent":0,"menu_order":1,"comment_status":"open","ping_status":"closed","template":"","meta":{"footnotes":""},"class_list":["post-2118","page","type-page","status-publish","has-post-thumbnail","hentry"],"_links":{"self":[{"href":"https:\/\/www.alberguecofradiadelsanto.com\/fr\/wp-json\/wp\/v2\/pages\/2118","targetHints":{"allow":["GET"]}}],"collection":[{"href":"https:\/\/www.alberguecofradiadelsanto.com\/fr\/wp-json\/wp\/v2\/pages"}],"about":[{"href":"https:\/\/www.alberguecofradiadelsanto.com\/fr\/wp-json\/wp\/v2\/types\/page"}],"author":[{"embeddable":true,"href":"https:\/\/www.alberguecofradiadelsanto.com\/fr\/wp-json\/wp\/v2\/users\/101012"}],"replies":[{"embeddable":true,"href":"https:\/\/www.alberguecofradiadelsanto.com\/fr\/wp-json\/wp\/v2\/comments?post=2118"}],"version-history":[{"count":14,"href":"https:\/\/www.alberguecofradiadelsanto.com\/fr\/wp-json\/wp\/v2\/pages\/2118\/revisions"}],"predecessor-version":[{"id":3485,"href":"https:\/\/www.alberguecofradiadelsanto.com\/fr\/wp-json\/wp\/v2\/pages\/2118\/revisions\/3485"}],"wp:featuredmedia":[{"embeddable":true,"href":"https:\/\/www.alberguecofradiadelsanto.com\/fr\/wp-json\/wp\/v2\/media\/3465"}],"wp:attachment":[{"href":"https:\/\/www.alberguecofradiadelsanto.com\/fr\/wp-json\/wp\/v2\/media?parent=2118"}],"curies":[{"name":"wp","href":"https:\/\/api.w.org\/{rel}","templated":true}]}}