{"id":2117,"date":"2015-06-30T18:08:31","date_gmt":"2015-06-30T16:08:31","guid":{"rendered":"http:\/\/www.alberguecofradiadelsanto.com\/priores-y-cofradia\/"},"modified":"2025-05-14T23:18:31","modified_gmt":"2025-05-14T21:18:31","slug":"priors-and-brotherhood","status":"publish","type":"page","link":"https:\/\/www.alberguecofradiadelsanto.com\/en\/cofradia-del-santo\/priors-and-brotherhood\/","title":{"rendered":"PRIORS AND BROTHERHOOD"},"content":{"rendered":"<h3>PERIOD 2025-2026<\/h3>\n<h3>PRIORS:<\/h3>\n<p><span style=\"color: #000000;\">Francisco Jos\u00e9 Rodrigo Aranjuelo<\/span><br \/>\n<span style=\"color: #000000;\">Mar\u00eda Teresa Bezares Manzanares<\/span><\/p>\n<h3>OLD PRIORS:<\/h3>\n<p><span style=\"color: #000000;\">Domingo de Agust\u00edn V\u00e1zquez y Gloria Calpena Guti\u00e9rrez<\/span><\/p>\n<h3><\/h3>\n<h3><\/h3>\n<h3><\/h3>\n<h3><\/h3>\n<h3><\/h3>\n<h3>PROCURATORS:<\/h3>\n<p><span style=\"color: #000000;\">Margarita Arenas Ollero y Pedro Mar\u00eda Olmos Lezaun<\/span><br \/>\n<span style=\"color: #000000;\">Mar\u00eda Ar\u00e1nzazu Arenas Ollero y Jes\u00fas Ruiz de Arbulo Zabaleta<\/span><br \/>\n<span style=\"color: #000000;\">Ildefonso Mart\u00ednez Mart\u00ednez y Alicia Alonso Fern\u00e1ndez<\/span><br \/>\n<span style=\"color: #000000;\">Marisol Dominguez Santacruz y Domingo Pe\u00f1a Santacruz<\/span><\/p>\n<h3>MAJORDOMOS:<\/h3>\n<p><span style=\"color: #000000;\">Cristina Domingo Ollero e Iv\u00e1n Campos Montero<\/span><br \/>\n<span style=\"color: #000000;\">Carlos ca\u00f1as Alonso y Ana Mar\u00eda Bartolom\u00e9 Somovilla<\/span><br \/>\n<span style=\"color: #000000;\">Elena Valer Rubio y Sergio D\u00edez Era\u00f1a<\/span><br \/>\n<span style=\"color: #000000;\">V\u00edctor Jim\u00e9nez Ca\u00f1as y Helena Milagros Gil Bravo<\/span><\/p>\n<h3>ABAD:<\/h3>\n<p><span style=\"color: #000000;\">Francisco Jos\u00e9 Su\u00e1rez Calvo<\/span><\/p>\n<h3>ABBOT:<\/h3>\n<p><span style=\"color: #000000;\">Francisco Javier Valer Rubio<\/span><\/p>\n<h3>SECRETARY:<\/h3>\n<p><span style=\"color: #000000;\">Monserrat Mendi Urraca<\/span><\/p>\n<p>&nbsp;<\/p>\n<div><\/div>","protected":false},"excerpt":{"rendered":"<p>PERIOD 2025-2026 PRIORS: Francisco Jos\u00e9 Rodrigo Aranjuelo Mar\u00eda Teresa Bezares Manzanares OLD PRIORS: Domingo de Agust\u00edn V\u00e1zquez y Gloria Calpena Guti\u00e9rrez PROCURATORS: Margarita Arenas Ollero y Pedro Mar\u00eda Olmos Lezaun Mar\u00eda Ar\u00e1nzazu Arenas Ollero y Jes\u00fas Ruiz de Arbulo Zabaleta Ildefonso Mart\u00ednez Mart\u00ednez y Alicia Alonso Fern\u00e1ndez Marisol Dominguez Santacruz y Domingo Pe\u00f1a Santacruz MAJORDOMOS: [&hellip;]<\/p>\n","protected":false},"author":101012,"featured_media":3464,"parent":3365,"menu_order":1,"comment_status":"open","ping_status":"closed","template":"","meta":{"footnotes":""},"class_list":["post-2117","page","type-page","status-publish","has-post-thumbnail","hentry"],"_links":{"self":[{"href":"https:\/\/www.alberguecofradiadelsanto.com\/en\/wp-json\/wp\/v2\/pages\/2117","targetHints":{"allow":["GET"]}}],"collection":[{"href":"https:\/\/www.alberguecofradiadelsanto.com\/en\/wp-json\/wp\/v2\/pages"}],"about":[{"href":"https:\/\/www.alberguecofradiadelsanto.com\/en\/wp-json\/wp\/v2\/types\/page"}],"author":[{"embeddable":true,"href":"https:\/\/www.alberguecofradiadelsanto.com\/en\/wp-json\/wp\/v2\/users\/101012"}],"replies":[{"embeddable":true,"href":"https:\/\/www.alberguecofradiadelsanto.com\/en\/wp-json\/wp\/v2\/comments?post=2117"}],"version-history":[{"count":30,"href":"https:\/\/www.alberguecofradiadelsanto.com\/en\/wp-json\/wp\/v2\/pages\/2117\/revisions"}],"predecessor-version":[{"id":3484,"href":"https:\/\/www.alberguecofradiadelsanto.com\/en\/wp-json\/wp\/v2\/pages\/2117\/revisions\/3484"}],"up":[{"embeddable":true,"href":"https:\/\/www.alberguecofradiadelsanto.com\/en\/wp-json\/wp\/v2\/pages\/3365"}],"wp:featuredmedia":[{"embeddable":true,"href":"https:\/\/www.alberguecofradiadelsanto.com\/en\/wp-json\/wp\/v2\/media\/3464"}],"wp:attachment":[{"href":"https:\/\/www.alberguecofradiadelsanto.com\/en\/wp-json\/wp\/v2\/media?parent=2117"}],"curies":[{"name":"wp","href":"https:\/\/api.w.org\/{rel}","templated":true}]}}